{"id":2002,"date":"2019-09-24T18:05:35","date_gmt":"2019-09-24T18:05:35","guid":{"rendered":"http:\/\/www.feuerwehrverband-saarbruecken.de\/?page_id=2002"},"modified":"2022-03-31T17:09:02","modified_gmt":"2022-03-31T15:09:02","slug":"freie-plaetze-fuer-die-tueroeffnungsseminare","status":"publish","type":"page","link":"https:\/\/www.feuerwehrverband-saarbruecken.de\/?page_id=2002","title":{"rendered":"Freie Pl\u00e4tze f\u00fcr die T\u00fcr\u00f6ffnungsseminare"},"content":{"rendered":"<h2 id=\"tablepress-17-name\" class=\"tablepress-table-name tablepress-table-name-id-17\">FREIE PL\u00c4TZE F\u00dcR DIE T\u00dcR\u00d6FFNUNGSSEMINARE<\/h2>\n\n<table id=\"tablepress-17\" class=\"tablepress tablepress-id-17\" aria-labelledby=\"tablepress-17-name\">\n<thead>\n<tr class=\"row-1\">\n\t<th class=\"column-1\">Lehrgangsort<\/th><th class=\"column-2\">Lehrgangsbeginn<\/th><th class=\"column-3\">Lehrgangsart<\/th><th class=\"column-4\">Anmeldeschluss<\/th><th class=\"column-5\">Verf\u00fcgbare Pl\u00e4tze<\/th><th class=\"column-6\">freie Pl\u00e4tze<\/th><th class=\"column-7\">Bemerkung<\/th>\n<\/tr>\n<\/thead>\n<tbody class=\"row-striping row-hover\">\n<tr class=\"row-2\">\n\t<td class=\"column-1\">Feuerwehr Dudweiler<\/td><td class=\"column-2\">03.06.2023<\/td><td class=\"column-3\">Grund<\/td><td class=\"column-4\">20.05.2023<br \/>\n<\/td><td class=\"column-5\">12<\/td><td class=\"column-6\">0<\/td><td class=\"column-7\">Ger\u00e4tehaus Dudweiler<br \/>\n<\/td>\n<\/tr>\n<tr class=\"row-3\">\n\t<td class=\"column-1\">Feuerwehr Dudweiler<\/td><td class=\"column-2\">29.07.2023<\/td><td class=\"column-3\">Aufbau<\/td><td class=\"column-4\">01.07.2023<br \/>\n<\/td><td class=\"column-5\">12<\/td><td class=\"column-6\">0<\/td><td class=\"column-7\">Ger\u00e4tehaus Dudweiler<\/td>\n<\/tr>\n<tr class=\"row-4\">\n\t<td class=\"column-1\"><\/td><td class=\"column-2\"><\/td><td class=\"column-3\"><\/td><td class=\"column-4\"><\/td><td class=\"column-5\"><\/td><td class=\"column-6\"><\/td><td class=\"column-7\"><\/td>\n<\/tr>\n<tr class=\"row-5\">\n\t<td class=\"column-1\"><\/td><td class=\"column-2\"><\/td><td class=\"column-3\"><\/td><td class=\"column-4\"><\/td><td class=\"column-5\"><\/td><td class=\"column-6\"><\/td><td class=\"column-7\"><\/td>\n<\/tr>\n<\/tbody>\n<\/table>\n<!-- #tablepress-17 from cache -->\n\n\n\n<p><strong>Hinweis:<\/strong><\/p>\n\n\n\n<p>Das Anmeldeformular kann auf der Internetseite:<strong>\u00a0<\/strong>      <a href=\"https:\/\/www.feuerwehrverband-saarbruecken.de\/?p=1485\">www.Feuerwehrverband-Saarbruecken.<\/a><a rel=\"noreferrer noopener\" aria-label=\"www.Feuerwehrverband-Saarbruecken.de (\u00f6ffnet in neuem Tab)\" href=\"https:\/\/www.feuerwehrverband-saarbruecken.de\" target=\"_blank\">de<\/a> heruntergeladen werden.<\/p>\n\n\n\n<p>Dies ist dann \u00fcber den L\u00f6schbezirksf\u00fchrer an den Wehrf\u00fchrer weiterzuleiten, der entscheidet und leitet es an den Verband weiter. Teilnahmegeb\u00fchr pro TN 80.- \u20ac&nbsp;<\/p>\n\n\n\n<p>Anmeldung \u00fcber E- Mail:<strong>&nbsp;info@feuerwehrverband-saarbruecken.de&nbsp;<\/strong>mit dem Anmeldeformular&nbsp;<\/p>\n\n\n\n<p>Es k\u00f6nnen maximal 12 Teilnehmer an dem Seminar teilnehmen.<\/p>\n\n\n\n<p>Verteilung der Pl\u00e4tze erfolgt in der Reihenfolge der Eing\u00e4nge beim Verband. Es erfolgt eine schriftliche Einladung \u00fcber WF!<\/p>\n\n\n\n<p><\/p>\n\n\n\n<div class=\"wp-block-button aligncenter\"><a class=\"wp-block-button__link has-vivid-cyan-blue-color has-pale-pink-background-color has-text-color has-background\" href=\"https:\/\/www.feuerwehrverband-saarbruecken.de\/?page_id=1449\"><strong>zur\u00fcck zur \u00dcbersicht<\/strong><\/a><\/div>\n","protected":false},"excerpt":{"rendered":"<p>Hinweis: Das Anmeldeformular kann auf der Internetseite:\u00a0 www.Feuerwehrverband-Saarbruecken.de heruntergeladen werden. Dies ist dann \u00fcber den L\u00f6schbezirksf\u00fchrer an den Wehrf\u00fchrer weiterzuleiten, der entscheidet und leitet es an den Verband weiter. Teilnahmegeb\u00fchr pro TN 80.- \u20ac&nbsp; Anmeldung \u00fcber E- Mail:&nbsp;info@feuerwehrverband-saarbruecken.de&nbsp;mit dem Anmeldeformular&nbsp; Es k\u00f6nnen maximal 12 Teilnehmer an dem Seminar teilnehmen. Verteilung der Pl\u00e4tze erfolgt in der [&hellip;]<\/p>\n","protected":false},"author":2,"featured_media":0,"parent":1984,"menu_order":0,"comment_status":"closed","ping_status":"closed","template":"","meta":{"_bbp_topic_count":0,"_bbp_reply_count":0,"_bbp_total_topic_count":0,"_bbp_total_reply_count":0,"_bbp_voice_count":0,"_bbp_anonymous_reply_count":0,"_bbp_topic_count_hidden":0,"_bbp_reply_count_hidden":0,"_bbp_forum_subforum_count":0,"footnotes":""},"class_list":["post-2002","page","type-page","status-publish","hentry"],"_links":{"self":[{"href":"https:\/\/www.feuerwehrverband-saarbruecken.de\/index.php?rest_route=\/wp\/v2\/pages\/2002","targetHints":{"allow":["GET"]}}],"collection":[{"href":"https:\/\/www.feuerwehrverband-saarbruecken.de\/index.php?rest_route=\/wp\/v2\/pages"}],"about":[{"href":"https:\/\/www.feuerwehrverband-saarbruecken.de\/index.php?rest_route=\/wp\/v2\/types\/page"}],"author":[{"embeddable":true,"href":"https:\/\/www.feuerwehrverband-saarbruecken.de\/index.php?rest_route=\/wp\/v2\/users\/2"}],"replies":[{"embeddable":true,"href":"https:\/\/www.feuerwehrverband-saarbruecken.de\/index.php?rest_route=%2Fwp%2Fv2%2Fcomments&post=2002"}],"version-history":[{"count":11,"href":"https:\/\/www.feuerwehrverband-saarbruecken.de\/index.php?rest_route=\/wp\/v2\/pages\/2002\/revisions"}],"predecessor-version":[{"id":6285,"href":"https:\/\/www.feuerwehrverband-saarbruecken.de\/index.php?rest_route=\/wp\/v2\/pages\/2002\/revisions\/6285"}],"up":[{"embeddable":true,"href":"https:\/\/www.feuerwehrverband-saarbruecken.de\/index.php?rest_route=\/wp\/v2\/pages\/1984"}],"wp:attachment":[{"href":"https:\/\/www.feuerwehrverband-saarbruecken.de\/index.php?rest_route=%2Fwp%2Fv2%2Fmedia&parent=2002"}],"curies":[{"name":"wp","href":"https:\/\/api.w.org\/{rel}","templated":true}]}}